{"id":54,"date":"2020-06-22T00:05:06","date_gmt":"2020-06-21T21:05:06","guid":{"rendered":"http:\/\/abdulvahitbayrakci.av.tr\/?page_id=54"},"modified":"2020-07-25T11:07:34","modified_gmt":"2020-07-25T08:07:34","slug":"idare-ve-vergi-hukuku","status":"publish","type":"page","link":"https:\/\/abdulvahitbayrakci.av.tr\/?page_id=54","title":{"rendered":"\u0130dare ve Vergi Hukuku"},"content":{"rendered":"\n<h2><\/h2>\n\n\n\n<p>Bireylerin idare kar\u015f\u0131s\u0131nda hi\u00e7bir \u015fekilde hak kayb\u0131 ya\u015famamas\u0131 i\u00e7in hukuki ilkeler \u0131\u015f\u0131\u011f\u0131nda idareye kar\u015f\u0131 bireylerin haklar\u0131n\u0131n korunmas\u0131 saikiyle hareket ederek, idarenin hukuka ayk\u0131r\u0131 idari i\u015flem ve eylemlerine kar\u015f\u0131 gerekli ba\u015fvurularda bulunma ve bu ba\u015fvurulara ili\u015fkin yasal s\u00fcre\u00e7lerin takibi noktalar\u0131nda m\u00fcvekkillerine hukuki destek sa\u011flamaktad\u0131r. Hukuka ayk\u0131r\u0131 idari i\u015flem ve eylemlerin iptali istemli dava yoluna gidilmesi ve davalar\u0131n takibi, idareye kar\u015f\u0131 y\u00fcr\u00fct\u00fclen tam yarg\u0131 davalar\u0131, idari s\u00f6zle\u015fmelerde do\u011fan uyu\u015fmazl\u0131klar\u0131n \u00e7\u00f6z\u00fcm\u00fc a\u011f\u0131rl\u0131kl\u0131 olarak y\u00fcr\u00fctt\u00fc\u011f\u00fcm\u00fcz alanlard\u0131r.<\/p>\n\n\n\n<p>Devlet ve m\u00fckellef aras\u0131nda meydana gelen vergi uyu\u015fmazl\u0131klar\u0131n\u0131n g\u00fcncellenen mevzuatlar \u0131\u015f\u0131\u011f\u0131nda; dava \u00f6ncesi uzla\u015fma s\u00fcrecinin y\u00fcr\u00fct\u00fclmesi, dava yoluna ba\u015fvurulmas\u0131 gereken hallerde dava takibinin sa\u011flanmas\u0131, vergi cezalar\u0131n\u0131n iptali i\u015flemleri ve d\u00fczeltme talepleri konular\u0131nda m\u00fcvekkillerine hukuki dan\u0131\u015fmanl\u0131k hizmeti sunan b\u00fcromuz birey odakl\u0131 anlay\u0131\u015f\u0131 ile gerek idare gerekse vergi hukuku alan\u0131nda bireyin otoriteye kar\u015f\u0131 olan haklar\u0131n\u0131n korunmas\u0131 i\u00e7in her t\u00fcrl\u00fc hukuki \u00e7al\u0131\u015fmay\u0131 bu alanda uzmanla\u015fm\u0131\u015f avukatlar\u0131 ile s\u00fcrd\u00fcrmektedir.<\/p>\n","protected":false},"excerpt":{"rendered":"<p>Bireylerin idare kar\u015f\u0131s\u0131nda hi\u00e7bir \u015fekilde hak kayb\u0131 ya\u015famamas\u0131 i\u00e7in hukuki ilkeler \u0131\u015f\u0131\u011f\u0131nda idareye kar\u015f\u0131 bireylerin haklar\u0131n\u0131n korunmas\u0131 saikiyle hareket ederek, idarenin hukuka ayk\u0131r\u0131 idari i\u015flem ve eylemlerine kar\u015f\u0131 gerekli ba\u015fvurularda bulunma ve bu ba\u015fvurulara ili\u015fkin yasal s\u00fcre\u00e7lerin takibi noktalar\u0131nda m\u00fcvekkillerine hukuki destek sa\u011flamaktad\u0131r. Hukuka ayk\u0131r\u0131 idari i\u015flem ve eylemlerin iptali istemli dava yoluna gidilmesi ve [&hellip;]<\/p>\n","protected":false},"author":1,"featured_media":96,"parent":21,"menu_order":5,"comment_status":"closed","ping_status":"closed","template":"","meta":[],"_links":{"self":[{"href":"https:\/\/abdulvahitbayrakci.av.tr\/index.php?rest_route=\/wp\/v2\/pages\/54"}],"collection":[{"href":"https:\/\/abdulvahitbayrakci.av.tr\/index.php?rest_route=\/wp\/v2\/pages"}],"about":[{"href":"https:\/\/abdulvahitbayrakci.av.tr\/index.php?rest_route=\/wp\/v2\/types\/page"}],"author":[{"embeddable":true,"href":"https:\/\/abdulvahitbayrakci.av.tr\/index.php?rest_route=\/wp\/v2\/users\/1"}],"replies":[{"embeddable":true,"href":"https:\/\/abdulvahitbayrakci.av.tr\/index.php?rest_route=%2Fwp%2Fv2%2Fcomments&post=54"}],"version-history":[{"count":3,"href":"https:\/\/abdulvahitbayrakci.av.tr\/index.php?rest_route=\/wp\/v2\/pages\/54\/revisions"}],"predecessor-version":[{"id":152,"href":"https:\/\/abdulvahitbayrakci.av.tr\/index.php?rest_route=\/wp\/v2\/pages\/54\/revisions\/152"}],"up":[{"embeddable":true,"href":"https:\/\/abdulvahitbayrakci.av.tr\/index.php?rest_route=\/wp\/v2\/pages\/21"}],"wp:featuredmedia":[{"embeddable":true,"href":"https:\/\/abdulvahitbayrakci.av.tr\/index.php?rest_route=\/wp\/v2\/media\/96"}],"wp:attachment":[{"href":"https:\/\/abdulvahitbayrakci.av.tr\/index.php?rest_route=%2Fwp%2Fv2%2Fmedia&parent=54"}],"curies":[{"name":"wp","href":"https:\/\/api.w.org\/{rel}","templated":true}]}}